{"id":3797,"date":"2017-07-26T12:23:37","date_gmt":"2017-07-26T12:23:37","guid":{"rendered":"https:\/\/www.andre-bossert.ch\/web\/?page_id=3797\/"},"modified":"2024-03-14T20:49:38","modified_gmt":"2024-03-14T19:49:38","slug":"facts-und-figures","status":"publish","type":"page","link":"https:\/\/www.andre-bossert.ch\/de\/uber-bossy\/facts-und-figures\/","title":{"rendered":"Facts &#038; Figures"},"content":{"rendered":"<p>[vc_row row_fullwidth=&#8220;1&#8243;][vc_column]<div class=\"mgt-promo-block parallax white-text text-size-normal darken wpb_content_element\" data-style=\"background-image: url(https:\/\/www.andre-bossert.ch\/web\/wp-content\/uploads\/2017\/07\/slide-aboutbossy.jpg);background-repeat: no-repeat;width: 100%; height: 470px;\"><div class=\"mgt-promo-block-content\"><\/div><\/div>[\/vc_column][\/vc_row][vc_row el_class=&#8220;fondo-bossy&#8220;][vc_column width=&#8220;3\/4&#8243; el_class=&#8220;anchura-columna&#8220;]<div class=\"mgt-header-block text-left wpb_content_element\"><h5>Dies ist Bossys&#039; profile<\/h5><\/div>[vc_single_image image=&#8220;3009&#8243; img_size=&#8220;full&#8220; onclick=&#8220;link_image&#8220;][vc_empty_space height=&#8220;10px&#8220;][vc_column_text]<\/p>\n<hr \/>\n<p>[\/vc_column_text]<div class=\"mgt-header-block text-left wpb_content_element\"><h5>Pers\u00f6nliches<\/h5><\/div>[vc_column_text]<\/p>\n<ul style=\"margin-left: -22px;\">\n<li class=\"odd\">Geboren: 14 November 1963 in S\u00fcdafrika<\/li>\n<li class=\"even\">Nationalit\u00e4t: Schweizer<\/li>\n<li class=\"odd\">Gr\u00f6sse: 1.90 m<\/li>\n<li class=\"even\">Gewicht: 75 kg<\/li>\n<li class=\"odd\">Augen: braun<\/li>\n<li class=\"even\">Haare: braun<\/li>\n<li class=\"odd\">Beruf: Golf Professional<\/li>\n<li class=\"even\">Hobbies: Tauchen, Fitness, Golfplatz-Design<\/li>\n<\/ul>\n<p>[\/vc_column_text][vc_column_text]<\/p>\n<hr \/>\n<p>[\/vc_column_text]<div class=\"mgt-header-block text-left wpb_content_element\"><h5>Profil<\/h5><\/div>[vc_single_image image=&#8220;3010&#8243; img_size=&#8220;full&#8220; onclick=&#8220;link_image&#8220;][vc_column_text]<\/p>\n<p style=\"text-align: justify; padding-top: 15px;\">Seit seinem \u00dcbertritt ins Profilager 1989 ist Andr\u00e9 der erfolgreichste Schweizer Golf Tour Profi. Er ist der einzige Schweizer, der in Europa Siege verbuchen kann, sowohl auf der European Tour an der 1995 Air France Cannes Open wie auch auf der Challenge Tour mit Siegen an der 1990 Neuch\u00e2tel Open, der 1991 Kenya Open und der 2008 MAN-N\u00f6 Open.<\/p>\n<p style=\"text-align: justify;\">Andr\u00e9 ist auch der einzige Schweizer, der sich je f\u00fcr Golf Majors qualifiziert und teilgenommen hat, was im The Open 1994 in Turnberry und 2005 in St. Andrews &#8211; und im 2014 als Senior in THe Senior PGA Championship und The Senior Open der Fall war.<\/p>\n<p style=\"text-align: justify;\">Der von Schweizer Eltern in S\u00fcdafrika geborene Schweizer studierte an der Tulsa Universit\u00e4t von Oklahoma in den USA Dank einem Golf Stipendium und schloss das Studium der Wirtschaftswissenschaften dort ab. Andr\u00e9 hat die Schweiz 1991 an der Alfred Dunhill Championship in St. Andrews vertreten und die Schweizer Fahne sieben Mal im WCP &#8211; World Cup of Golf geschwungen, wobei ein H\u00f6hepunkt 2002 in Mexiko war nach dem Sieg am Nations Cup Qualifikationsturnier in Indonesien zusammen mit Partner Marc Chatelain.<\/p>\n<p style=\"text-align: justify;\">Er hat von 1989-1997 die Schweizer Golf Rangliste die meisten Jahre angef\u00fchrt, nur aufgehalten durch eine schwerwiegende R\u00fcckenverletzung im Jahre 1997, welche ihn zu einer drei J\u00e4hrigen Pause zwang.<\/p>\n<p style=\"text-align: justify;\">Bossy konzentrierte sich von 2001-2013 auf die Challenge Tour mit dem Ziel, die volle Spielberechtigung f\u00fcr die European Tour wieder zu erlangen.<\/p>\n<p style=\"text-align: justify;\">Seit 2014 ist Andr\u00e9 fokussiert auf seinen neuen Karrierabschnitt als Senior, mit Turnierteilnahmen auf der European Senior Tour und mit der Absicht, die Spielkarte f\u00fcr die US Champions Tour zu erspielen.<\/p>\n<p style=\"text-align: justify;\">Im Winter spielt Andr\u00e9 regelm\u00e4ssig auf der Sunshine Tour.<\/p>\n<p>[\/vc_column_text][vc_column_text]<\/p>\n<hr \/>\n<p>[\/vc_column_text]<div class=\"mgt-header-block text-left wpb_content_element\"><h5>Profisiege<\/h5><\/div>[vc_column_text]<\/p>\n<ul style=\"margin-left: -22px;\">\n<li class=\"odd\">MAN-N\u00f6 Open 2008<\/li>\n<li class=\"even\">Davidoff Nations Cup 2002<\/li>\n<li class=\"odd\">Swiss PGA Championship 2000 und 2010<\/li>\n<li class=\"even\">Cannes Open 1995 (PGA European Tour)<\/li>\n<li class=\"odd\">Kenya Open 1992 (PGA Challenge Tour)<\/li>\n<li class=\"even\">Swiss Omnium 1991 und 2007<\/li>\n<li class=\"odd\">Neuch\u00e2tel Open 1990 (PGA Challenge Tour)<\/li>\n<\/ul>\n<p>[\/vc_column_text][vc_column_text]<\/p>\n<hr \/>\n<p>[\/vc_column_text]<div class=\"mgt-header-block text-left wpb_content_element\"><h5>Facts<\/h5><\/div>[vc_column_text]<\/p>\n<p style=\"text-align: justify;\">Golf Profi seit 1989.<\/p>\n<p style=\"text-align: justify;\">Arbeitet mit: <a href=\"https:\/\/www.andre-bossert.ch\/de\/uber-bossy\/team-bossy\/\" target=\"_blank\" rel=\"noopener noreferrer\">Paul Dougan (Technik) und John Pates (Mental)<\/a>.<\/p>\n<p style=\"text-align: justify;\">Mitgliedschaften: <a href=\"https:\/\/www.europeantour.com\/\" target=\"_blank\" rel=\"noopener noreferrer\">PGA European Tour &amp; PGA European Challenge Tour<\/a>, <a href=\"http:\/\/www.sunshinetour.com\/\" target=\"_blank\" rel=\"noopener noreferrer\">Sunshine Tour<\/a> y <a href=\"https:\/\/www.swisspga.ch\/\" target=\"_blank\" rel=\"noopener noreferrer\">Swiss PGA Tour<\/a>.<\/p>\n<p style=\"text-align: justify;\">Training im <a href=\"http:\/\/www.swissgolfnetwork.ch\/php\/main.php?key=bWFpbi5waHA\/Q09VTlRSWSU1N3NnblNXSVRaRVJMQU5EJkxBTkdVQUdFJTU3c2duRCZTRVNTSU9OS0VZJTU3c2duYWJjZDZmNDU3ZjE4NTM0ZjgyNTUyZDNhMjA1MWUxOGUmc2duX2xpbmslNTdzZ24xJnNnbl9kZWJ1ZyU1N3NnbiZURVNUJTU3c2duJmNvbnRlbnRBbGlnbiU1N3NnbiZjbHViX2Rpc3BsYXklNTdzZ250cnVlJmNsdWJfc3VibGluayU1N3NnbjEmY2x1Yl9zdWJzdWJsaW5rJTU3c2duJmNsdWJfZnVuY3Rpb24lNTdzZ25tYWluJkNMVUJJRCU1N3NnbjQxMDAzNSZTRVRBUkclNTdzZ25MQU5HVUFHRV9FJg==\" target=\"_blank\" rel=\"noopener noreferrer\">G&amp;CC Zurich<\/a>.<\/p>\n<p>[\/vc_column_text][vc_column_text]<\/p>\n<hr \/>\n<p>[\/vc_column_text]<div class=\"mgt-header-block text-left wpb_content_element\"><h5>Andr\u00e9&#039;s Profiausr\u00fcstung<\/h5><\/div>[vc_column_text]<\/p>\n<ul style=\"margin-left: -22px;\">\n<li class=\"odd\">Andr\u00e9 hat zur Zeit eine Auswahl von 18 PING Schl\u00e4gern &#8218;im Dienst&#8216;.<\/li>\n<li class=\"even\">Nat\u00fcrlich kommen in einer Turnierrunde nur jeweils 14 der Schl\u00e4ger zum Zug.<\/li>\n<li class=\"odd\">Driver: G10 &#8211; 9 Grad<\/li>\n<li class=\"even\">Eisen 2 bis Eisen 9: S57 Serie<\/li>\n<li class=\"odd\">Fairway-H\u00f6lzer: G10, eines mit 15,5 Grad und eines mit 17 Grad<\/li>\n<li class=\"even\">Hybriden: Rapture V2, eines mit 17 Grad und eines mit 20 Grad<\/li>\n<li class=\"odd\">Wegdes: S57 Serie, mit 47, 54 und 60 Grad<\/li>\n<li class=\"even\">Putter: Redwood Anser<\/li>\n<\/ul>\n<p>[\/vc_column_text][vc_empty_space height=&#8220;70px&#8220; el_class=&#8220;space-media&#8220;][\/vc_column][vc_column width=&#8220;1\/4&#8243;][vc_widget_sidebar sidebar_id=&#8220;sidebar-uber-bossy&#8220;][\/vc_column][\/vc_row][vc_row][vc_column][vc_widget_sidebar sidebar_id=&#8220;footer-logos&#8220;][\/vc_column][\/vc_row]<\/p>\n","protected":false},"excerpt":{"rendered":"<p>[vc_row row_fullwidth=&#8220;1&#8243;][vc_column][\/vc_column][\/vc_row][vc_row el_class=&#8220;fondo-bossy&#8220;][vc_column width=&#8220;3\/4&#8243; el_class=&#8220;anchura-columna&#8220;][vc_single_image image=&#8220;3009&#8243; img_size=&#8220;full&#8220; onclick=&#8220;link_image&#8220;][vc_empty_space height=&#8220;10px&#8220;][vc_column_text] [\/vc_column_text][vc_column_text] Geboren: 14 November 1963 in S\u00fcdafrika Nationalit\u00e4t: Schweizer&#8230;<\/p>\n","protected":false},"author":1,"featured_media":0,"parent":3768,"menu_order":0,"comment_status":"closed","ping_status":"closed","template":"","meta":{"_acf_changed":false,"footnotes":""},"class_list":["post-3797","page","type-page","status-publish","hentry"],"acf":[],"yoast_head":"<!-- This site is optimized with the Yoast SEO plugin v27.7 - https:\/\/yoast.com\/product\/yoast-seo-wordpress\/ -->\n<title>Facts &amp; Figures | Andr\u00e9 Bossert - Offizielle Homepage<\/title>\n<meta name=\"robots\" content=\"index, follow, max-snippet:-1, max-image-preview:large, max-video-preview:-1\" \/>\n<link rel=\"canonical\" href=\"https:\/\/www.andre-bossert.ch\/de\/uber-bossy\/facts-und-figures\/\" \/>\n<meta property=\"og:locale\" content=\"de_DE\" \/>\n<meta property=\"og:type\" content=\"article\" \/>\n<meta property=\"og:title\" content=\"Facts &amp; Figures | Andr\u00e9 Bossert - Offizielle Homepage\" \/>\n<meta property=\"og:description\" content=\"[vc_row row_fullwidth=&#8220;1&#8243;][vc_column][\/vc_column][\/vc_row][vc_row el_class=&#8220;fondo-bossy&#8220;][vc_column width=&#8220;3\/4&#8243; el_class=&#8220;anchura-columna&#8220;][vc_single_image image=&#8220;3009&#8243; img_size=&#8220;full&#8220; onclick=&#8220;link_image&#8220;][vc_empty_space height=&#8220;10px&#8220;][vc_column_text] [\/vc_column_text][vc_column_text] Geboren: 14 November 1963 in S\u00fcdafrika Nationalit\u00e4t: Schweizer...\" \/>\n<meta property=\"og:url\" content=\"https:\/\/www.andre-bossert.ch\/de\/uber-bossy\/facts-und-figures\/\" \/>\n<meta property=\"og:site_name\" content=\"Andr\u00e9 Bossert - Offizielle Homepage\" \/>\n<meta property=\"article:publisher\" content=\"https:\/\/www.facebook.com\/people\/Andre-Bossert\/100008731685561\" \/>\n<meta property=\"article:modified_time\" content=\"2024-03-14T19:49:38+00:00\" \/>\n<meta name=\"twitter:card\" content=\"summary_large_image\" \/>\n<meta name=\"twitter:site\" content=\"@BossyGolf\" \/>\n<meta name=\"twitter:label1\" content=\"Gesch\u00e4tzte Lesezeit\" \/>\n\t<meta name=\"twitter:data1\" content=\"4\u00a0Minuten\" \/>\n<script type=\"application\/ld+json\" class=\"yoast-schema-graph\">{\"@context\":\"https:\\\/\\\/schema.org\",\"@graph\":[{\"@type\":\"WebPage\",\"@id\":\"https:\\\/\\\/www.andre-bossert.ch\\\/de\\\/uber-bossy\\\/facts-und-figures\\\/\",\"url\":\"https:\\\/\\\/www.andre-bossert.ch\\\/de\\\/uber-bossy\\\/facts-und-figures\\\/\",\"name\":\"Facts & Figures | Andr\u00e9 Bossert - Offizielle Homepage\",\"isPartOf\":{\"@id\":\"https:\\\/\\\/www.andre-bossert.ch\\\/#website\"},\"datePublished\":\"2017-07-26T12:23:37+00:00\",\"dateModified\":\"2024-03-14T19:49:38+00:00\",\"breadcrumb\":{\"@id\":\"https:\\\/\\\/www.andre-bossert.ch\\\/de\\\/uber-bossy\\\/facts-und-figures\\\/#breadcrumb\"},\"inLanguage\":\"de\",\"potentialAction\":[{\"@type\":\"ReadAction\",\"target\":[\"https:\\\/\\\/www.andre-bossert.ch\\\/de\\\/uber-bossy\\\/facts-und-figures\\\/\"]}]},{\"@type\":\"BreadcrumbList\",\"@id\":\"https:\\\/\\\/www.andre-bossert.ch\\\/de\\\/uber-bossy\\\/facts-und-figures\\\/#breadcrumb\",\"itemListElement\":[{\"@type\":\"ListItem\",\"position\":1,\"name\":\"Home\",\"item\":\"https:\\\/\\\/www.andre-bossert.ch\\\/de\\\/\"},{\"@type\":\"ListItem\",\"position\":2,\"name\":\"\u00dcber Bossy\",\"item\":\"https:\\\/\\\/www.andre-bossert.ch\\\/de\\\/uber-bossy\\\/\"},{\"@type\":\"ListItem\",\"position\":3,\"name\":\"Facts &#038; Figures\"}]},{\"@type\":\"WebSite\",\"@id\":\"https:\\\/\\\/www.andre-bossert.ch\\\/#website\",\"url\":\"https:\\\/\\\/www.andre-bossert.ch\\\/\",\"name\":\"Andr\u00e9 Bossert - Offizielle Homepage\",\"description\":\"Offizielle Homepage\",\"potentialAction\":[{\"@type\":\"SearchAction\",\"target\":{\"@type\":\"EntryPoint\",\"urlTemplate\":\"https:\\\/\\\/www.andre-bossert.ch\\\/?s={search_term_string}\"},\"query-input\":{\"@type\":\"PropertyValueSpecification\",\"valueRequired\":true,\"valueName\":\"search_term_string\"}}],\"inLanguage\":\"de\"}]}<\/script>\n<!-- \/ Yoast SEO plugin. -->","yoast_head_json":{"title":"Facts & Figures | Andr\u00e9 Bossert - Offizielle Homepage","robots":{"index":"index","follow":"follow","max-snippet":"max-snippet:-1","max-image-preview":"max-image-preview:large","max-video-preview":"max-video-preview:-1"},"canonical":"https:\/\/www.andre-bossert.ch\/de\/uber-bossy\/facts-und-figures\/","og_locale":"de_DE","og_type":"article","og_title":"Facts & Figures | Andr\u00e9 Bossert - Offizielle Homepage","og_description":"[vc_row row_fullwidth=&#8220;1&#8243;][vc_column][\/vc_column][\/vc_row][vc_row el_class=&#8220;fondo-bossy&#8220;][vc_column width=&#8220;3\/4&#8243; el_class=&#8220;anchura-columna&#8220;][vc_single_image image=&#8220;3009&#8243; img_size=&#8220;full&#8220; onclick=&#8220;link_image&#8220;][vc_empty_space height=&#8220;10px&#8220;][vc_column_text] [\/vc_column_text][vc_column_text] Geboren: 14 November 1963 in S\u00fcdafrika Nationalit\u00e4t: Schweizer...","og_url":"https:\/\/www.andre-bossert.ch\/de\/uber-bossy\/facts-und-figures\/","og_site_name":"Andr\u00e9 Bossert - Offizielle Homepage","article_publisher":"https:\/\/www.facebook.com\/people\/Andre-Bossert\/100008731685561","article_modified_time":"2024-03-14T19:49:38+00:00","twitter_card":"summary_large_image","twitter_site":"@BossyGolf","twitter_misc":{"Gesch\u00e4tzte Lesezeit":"4\u00a0Minuten"},"schema":{"@context":"https:\/\/schema.org","@graph":[{"@type":"WebPage","@id":"https:\/\/www.andre-bossert.ch\/de\/uber-bossy\/facts-und-figures\/","url":"https:\/\/www.andre-bossert.ch\/de\/uber-bossy\/facts-und-figures\/","name":"Facts & Figures | Andr\u00e9 Bossert - Offizielle Homepage","isPartOf":{"@id":"https:\/\/www.andre-bossert.ch\/#website"},"datePublished":"2017-07-26T12:23:37+00:00","dateModified":"2024-03-14T19:49:38+00:00","breadcrumb":{"@id":"https:\/\/www.andre-bossert.ch\/de\/uber-bossy\/facts-und-figures\/#breadcrumb"},"inLanguage":"de","potentialAction":[{"@type":"ReadAction","target":["https:\/\/www.andre-bossert.ch\/de\/uber-bossy\/facts-und-figures\/"]}]},{"@type":"BreadcrumbList","@id":"https:\/\/www.andre-bossert.ch\/de\/uber-bossy\/facts-und-figures\/#breadcrumb","itemListElement":[{"@type":"ListItem","position":1,"name":"Home","item":"https:\/\/www.andre-bossert.ch\/de\/"},{"@type":"ListItem","position":2,"name":"\u00dcber Bossy","item":"https:\/\/www.andre-bossert.ch\/de\/uber-bossy\/"},{"@type":"ListItem","position":3,"name":"Facts &#038; Figures"}]},{"@type":"WebSite","@id":"https:\/\/www.andre-bossert.ch\/#website","url":"https:\/\/www.andre-bossert.ch\/","name":"Andr\u00e9 Bossert - Offizielle Homepage","description":"Offizielle Homepage","potentialAction":[{"@type":"SearchAction","target":{"@type":"EntryPoint","urlTemplate":"https:\/\/www.andre-bossert.ch\/?s={search_term_string}"},"query-input":{"@type":"PropertyValueSpecification","valueRequired":true,"valueName":"search_term_string"}}],"inLanguage":"de"}]}},"_links":{"self":[{"href":"https:\/\/www.andre-bossert.ch\/de\/wp-json\/wp\/v2\/pages\/3797","targetHints":{"allow":["GET"]}}],"collection":[{"href":"https:\/\/www.andre-bossert.ch\/de\/wp-json\/wp\/v2\/pages"}],"about":[{"href":"https:\/\/www.andre-bossert.ch\/de\/wp-json\/wp\/v2\/types\/page"}],"author":[{"embeddable":true,"href":"https:\/\/www.andre-bossert.ch\/de\/wp-json\/wp\/v2\/users\/1"}],"replies":[{"embeddable":true,"href":"https:\/\/www.andre-bossert.ch\/de\/wp-json\/wp\/v2\/comments?post=3797"}],"version-history":[{"count":8,"href":"https:\/\/www.andre-bossert.ch\/de\/wp-json\/wp\/v2\/pages\/3797\/revisions"}],"predecessor-version":[{"id":6023,"href":"https:\/\/www.andre-bossert.ch\/de\/wp-json\/wp\/v2\/pages\/3797\/revisions\/6023"}],"up":[{"embeddable":true,"href":"https:\/\/www.andre-bossert.ch\/de\/wp-json\/wp\/v2\/pages\/3768"}],"wp:attachment":[{"href":"https:\/\/www.andre-bossert.ch\/de\/wp-json\/wp\/v2\/media?parent=3797"}],"curies":[{"name":"wp","href":"https:\/\/api.w.org\/{rel}","templated":true}]}}