{"id":3747,"date":"2017-07-25T15:23:35","date_gmt":"2017-07-25T15:23:35","guid":{"rendered":"https:\/\/www.andre-bossert.ch\/web\/?page_id=3747\/"},"modified":"2024-03-14T20:46:15","modified_gmt":"2024-03-14T19:46:15","slug":"bossy-talks","status":"publish","type":"page","link":"https:\/\/www.andre-bossert.ch\/de\/medien\/bossy-talks\/","title":{"rendered":"Bossy Talks"},"content":{"rendered":"<p>[vc_row row_fullwidth=&#8220;1&#8243;][vc_column]<div class=\"mgt-promo-block parallax white-text text-size-normal darken wpb_content_element\" data-style=\"width: 100%; height: 470px;\"><div class=\"mgt-promo-block-content\"><\/div><\/div>[\/vc_column][\/vc_row][vc_row][vc_column width=&#8220;3\/4&#8243; el_class=&#8220;anchura-columna&#8220;]<div class=\"mgt-header-block text-left wpb_content_element\"><h5>Coole Golf-Links<\/h5><\/div>[vc_column_text]<\/p>\n<p style=\"text-align: justify;\">Im Moment schreibe ich ja keine Kolumnen mehr &#8211; irgendwie scheint dies im Social-Media Zeitalter auch nicht mehr aktuell zu sein. Daf\u00fcr tweete ich: folgen Sie mir schon auf @BossyGolf? Eine Facebook-Seite habe ich \u00fcbrigens nicht &#8211; daf\u00fcr ja diese tolle Webseite&#8230;<\/p>\n<p style=\"text-align: justify;\">An dieser Stelle jedoch einige Links zu guten Golf-Webseites in der Schweiz:<\/p>\n<p><a href=\"https:\/\/www.facebook.com\/Golf-Country-Die-Nr-1-der-Schweiz-564183893636434\/\" target=\"_blank\" rel=\"noopener noreferrer\">Die Facebook Seite von Golf &amp; Country<\/a><br \/>\n<a href=\"http:\/\/www.golfandcountry.ch\/\" target=\"_blank\" rel=\"noopener noreferrer\">Golf &amp; Country<\/a><br \/>\n<a href=\"http:\/\/golfhome.ch\/\" target=\"_blank\" rel=\"noopener noreferrer\">Golf Home<\/a>[\/vc_column_text][vc_column_text]<\/p>\n<hr \/>\n<p>[\/vc_column_text]<div class=\"mgt-header-block text-left wpb_content_element\"><h5>Golf &amp; Country: Hopp Schwiiz!<\/h5><p>November 2009<\/p><\/div>[vc_column_text]<\/p>\n<p style=\"text-align: justify;\">Und schon wieder waren wir Zeugen eines Ereignisses f\u00fcr die Geschichtsb\u00fccher: Mitte Oktober 2009 wurde Golf vom IOC nach \u00fcber 100 Jahren Abwesenheit erneut in den erlauchten Kreis der olympischen Sportarten aufgenommen.<\/p>\n<p style=\"text-align: justify;\">Damit ist eine erfreuliche und aus meiner Sicht \u00fcberf\u00e4llige Einbindung des Golfsports in die Olympische Familie Tatsache geworden. Dasselbe denke ich \u00fcbrigens auch \u00fcber eine andere meiner Lieblingssportarten: Rugby Sevens. In meiner \u00abzweiten Heimat\u00bb, in S\u00fcdafrika, ist dieser dynamische, kampfbetonte \u00abkleine Bruder\u00bb des klassischen Rugby Union \u00e4usserst beliebt \u2013 wie in allen englischsprachigen L\u00e4ndern ausser den USA.<\/p>\n<p style=\"text-align: justify;\">Meine Begeisterung \u00fcber den \u00abolympischen Ritterschlag\u00bb f\u00fcr den Golfsport hat drei Hauptgr\u00fcnde: Erstens wird Golf damit \u2013 neben Fussball \u2013 wirklich zum globalen Sport. Und er wird auf seiner Reise in eine erfolgreiche Zukunft weiteren Schub erhalten, nun auch in kleineren L\u00e4ndern.<\/p>\n<p style=\"text-align: justify;\">Zweitens sollte Golf dank Olympia nun vor allem auch in den europ\u00e4ischen L\u00e4ndern die letzten Reste seines elit\u00e4ren Touchs ablegen und ein Image als Volkssport aufbauen k\u00f6nnen, der allen zug\u00e4nglich ist. der auch allen zug\u00e4nglich ist. Besonders den Kids soll der Eintritt in die wunderbare Welt des Golfs leichter gemacht werden. Dabei geht es ja nicht darum, dass jeder gleich ein Tiger Woods oder jede eine Michelle Wie wird. Aber Golf ist eine Option mehr f\u00fcr Kinder (wie f\u00fcr Erwachsene \u00fcbrigens auch\u2026), sich zu bewegen, ein sinnvolles Hobby zu haben, den Tag im Freien zu verbringen und einen gesunden Wettkampfgeist zu entwickeln.<\/p>\n<p style=\"text-align: justify;\">Und drittens \u2013 mit einem leicht egoistischen Unterton gesagt \u2013 werden wir Golfer nun wie andere Sportler auch, als \u00abechte\u00bb Athleten anerkannt werden.<\/p>\n<p style=\"text-align: justify;\">Die grosse Frage ist nat\u00fcrlich, welche Auswirkungen das Ganze auf die Schweizer Golfszene haben wird. Ich selber werde 53 Jahre alt sein, wenn Golf im Jahr 2016 in Rio de Janeiro seine (zweite) olympische Premiere feiert. Ich werde zwar hoffentlich noch fit und munter sein, aber von olympischen Ehren tr\u00e4ume ich nicht. Sch\u00f6n w\u00e4r\u2019s, wenn zwei tolle, junge Schweizer Golferinnen und Golfer unser Land vertreten w\u00fcrden.<\/p>\n<p style=\"text-align: justify;\">Nur \u2013 wie realistisch ist das? Bei den aktuellen Strukturen und Machtverh\u00e4ltnissen muss ich leider sagen, eine Schweizer Golfdelegation in Rio h\u00f6chst unwahrscheinlich ist. \u00abSwiss Golf\u00bb, hier zu Lande die h\u00f6chste Instanz im professionellen Golfsport, setzt die vorhandenen Mittel und Ressourcen einfach nicht kompromiss genug f\u00fcr die Schweizer Playing Pros ein.<\/p>\n<p style=\"text-align: justify;\">Dabei g\u00e4be es mit dem \u00abSwiss Professional Golf Business Plan\u00bb eine valable Alternative, aber die Entscheidungstr\u00e4ger zeigen (noch) wenig Interesse f\u00fcr dieses Konzept. Aber wer weiss? Vielleicht vermag Olympia auch hier die Initialz\u00fcndung zu geben zu einem Traum, einer Vision: Golferinnen und Golfer, die mit dem Schweizerkreuz auf der Brust um olympische Medaillen k\u00e4mpfen! Ich jedenfalls bekomme nur schon beim Gedanken eine G\u00e4nsehaut \u2013 und ich werde weiterhin alles daran setzen, dass unser Land in Rio mit dabei sein kann. Denn gerade bei Olympia gilt: Dabei sein ist alles!<\/p>\n<p>[\/vc_column_text][vc_column_text]<\/p>\n<hr \/>\n<p>[\/vc_column_text]<div class=\"mgt-header-block text-left wpb_content_element\"><h5>Golf &amp; Country: The column on the Win at the MAN-N\u00f6 Open<\/h5><p>August 2008<\/p><\/div>[vc_column_text]<\/p>\n<p style=\"text-align: justify;\">Ich kam, spielte und siegte!<\/p>\n<p style=\"text-align: justify;\">Eigentlich wollte ich in der Woche gar nicht spielen. Doch da es bis jetzt nicht ganz so rund lief und das Resultat an der Credit Suisse Challenge in Wylihof vor heimischem Publikum mich optimistisch stimmte, entschied ich mich trotzdem f\u00fcr die Reise nach \u00d6sterreich. Da ich am Montag noch einen speziellen Event hatte in Interlaken kam ich erst am Mittwoch Mittag in Adamstal, ca. 1 Stunde \u00f6stlich von Wien, an.<\/p>\n<p style=\"text-align: justify;\">Als Schweizer f\u00fchle ich mich in \u00d6sterreich immer wohl, obwohl ich den Austria-Slang zum Teil gar nicht verstehe! Den Platz in Adamstal kenne ich gut und er liegt mir: bei meinem letzten Sieg an der Cannes Open 1995 auf der European Tour, ging es gleich bergig zu. Ich hatte mir am Dienstag extra noch eine Golftasche gekauft, die leicht und handlich ist, denn ich wusste dass es bergauf und \u2013ab ging. Zum Gl\u00fcck war das nicht so in meinem Spiel. Zum ersten Mal seit Wochen musste ich mich w\u00e4hrend den Runden nicht \u201eaufregen\u201c. Der Schwung ist schon lange da und jetzt hat er sich bew\u00e4hrt und mir viel Freude bereitet. Sogar das Putting!<\/p>\n<p style=\"text-align: justify;\">Besonders stolz bin ich auf die letzte Runde. Der Lokalheld Markus Brier, der Schwede Klas Eriksson und ich lagen zu Beginn des Tages gleichauf. Da wir alle schon auf der European Tour gewonnen haben wusste jeder, worauf es ankommt. Wir starteten alle gut und spielten jeweils den anderen die Birdies um die Ohren. Am 7. Loch ging mein Chip sogar direkt ins Loch! Wir wussten, dranbleiben ist die Devise und am Schluss den Abschluss hinbekommen. Ich war den ganzen Tag gut drauf und konnte mich Schlag um Schlag von Loch zu Loch bewegen. Auf der 17 gelang mir dann ein weiteres Birdie, nachdem Markus am Loch zuvor aus dem Bunker zum Birdie eingelocht hatte! An der 18, ein Par 3, spielte ich ein solides Par und sah zu wie Markus seinen 8 Meter Putt zum Birdie einlochte \u2013 es war unglaublich. Nun hatten wir beide das Turnier mit einer 66 (-4) abgeschlossen und mussten in ein Stechen. Auf dem Weg zur\u00fcck zum 18. Abschlag sp\u00fcrte ich die ganze \u00d6sterreichische Unterst\u00fctzungswelle f\u00fcr Markus, nur dr\u00fcckte diese dann seinen Ball in den Bunker, was bei ihm zum Bogey f\u00fchrte. Und ich machte Par. Ein tolles Eisen 4 und 2 Putts und ich war der Sieger. JAAA! Welche ein Adrenalinstoss! Welch ein Gef\u00fchl!<\/p>\n<p style=\"text-align: justify;\">Was kann ich jetzt noch sagen\u2026? DANKE: an meine Eltern, meine Frau, meine Tochter, meinen Technik- Coach, meinen Mental-Coach, meinen Ern\u00e4hrungsberater, meine Sponsoren, meine Partner, meine Freunde, an alle &#8211; DANKE! It just feels great! Und Golf kann ja soooo viel Freude bereiten. Ich f\u00fcrchte fast, danach k\u00f6nnte ich s\u00fcchtig werden\u2026<\/p>\n<p>[\/vc_column_text][vc_empty_space height=&#8220;70px&#8220; el_class=&#8220;space-media &#8222;][\/vc_column][vc_column width=&#8220;1\/4&#8243;][vc_widget_sidebar sidebar_id=&#8220;sidebar-medien-elektronische&#8220;][\/vc_column][\/vc_row][vc_row][vc_column][vc_widget_sidebar sidebar_id=&#8220;footer-logos&#8220;][\/vc_column][\/vc_row]<\/p>\n","protected":false},"excerpt":{"rendered":"<p>[vc_row row_fullwidth=&#8220;1&#8243;][vc_column][\/vc_column][\/vc_row][vc_row][vc_column width=&#8220;3\/4&#8243; el_class=&#8220;anchura-columna&#8220;][vc_column_text] Im Moment schreibe ich ja keine Kolumnen mehr &#8211; irgendwie scheint dies im Social-Media&#8230;<\/p>\n","protected":false},"author":1,"featured_media":0,"parent":3720,"menu_order":0,"comment_status":"closed","ping_status":"closed","template":"","meta":{"_acf_changed":false,"footnotes":""},"class_list":["post-3747","page","type-page","status-publish","hentry"],"acf":[],"yoast_head":"<!-- This site is optimized with the Yoast SEO plugin v27.7 - https:\/\/yoast.com\/product\/yoast-seo-wordpress\/ -->\n<title>Bossy Talks | Andr\u00e9 Bossert - Offizielle Homepage<\/title>\n<meta name=\"robots\" content=\"index, follow, max-snippet:-1, max-image-preview:large, max-video-preview:-1\" \/>\n<link rel=\"canonical\" href=\"https:\/\/www.andre-bossert.ch\/de\/medien\/bossy-talks\/\" \/>\n<meta property=\"og:locale\" content=\"de_DE\" \/>\n<meta property=\"og:type\" content=\"article\" \/>\n<meta property=\"og:title\" content=\"Bossy Talks | Andr\u00e9 Bossert - Offizielle Homepage\" \/>\n<meta property=\"og:description\" content=\"[vc_row row_fullwidth=&#8220;1&#8243;][vc_column][\/vc_column][\/vc_row][vc_row][vc_column width=&#8220;3\/4&#8243; el_class=&#8220;anchura-columna&#8220;][vc_column_text] Im Moment schreibe ich ja keine Kolumnen mehr &#8211; irgendwie scheint dies im Social-Media...\" \/>\n<meta property=\"og:url\" content=\"https:\/\/www.andre-bossert.ch\/de\/medien\/bossy-talks\/\" \/>\n<meta property=\"og:site_name\" content=\"Andr\u00e9 Bossert - Offizielle Homepage\" \/>\n<meta property=\"article:publisher\" content=\"https:\/\/www.facebook.com\/people\/Andre-Bossert\/100008731685561\" \/>\n<meta property=\"article:modified_time\" content=\"2024-03-14T19:46:15+00:00\" \/>\n<meta name=\"twitter:card\" content=\"summary_large_image\" \/>\n<meta name=\"twitter:site\" content=\"@BossyGolf\" \/>\n<meta name=\"twitter:label1\" content=\"Gesch\u00e4tzte Lesezeit\" \/>\n\t<meta name=\"twitter:data1\" content=\"5\u00a0Minuten\" \/>\n<script type=\"application\/ld+json\" class=\"yoast-schema-graph\">{\"@context\":\"https:\\\/\\\/schema.org\",\"@graph\":[{\"@type\":\"WebPage\",\"@id\":\"https:\\\/\\\/www.andre-bossert.ch\\\/de\\\/medien\\\/bossy-talks\\\/\",\"url\":\"https:\\\/\\\/www.andre-bossert.ch\\\/de\\\/medien\\\/bossy-talks\\\/\",\"name\":\"Bossy Talks | Andr\u00e9 Bossert - Offizielle Homepage\",\"isPartOf\":{\"@id\":\"https:\\\/\\\/www.andre-bossert.ch\\\/#website\"},\"datePublished\":\"2017-07-25T15:23:35+00:00\",\"dateModified\":\"2024-03-14T19:46:15+00:00\",\"breadcrumb\":{\"@id\":\"https:\\\/\\\/www.andre-bossert.ch\\\/de\\\/medien\\\/bossy-talks\\\/#breadcrumb\"},\"inLanguage\":\"de\",\"potentialAction\":[{\"@type\":\"ReadAction\",\"target\":[\"https:\\\/\\\/www.andre-bossert.ch\\\/de\\\/medien\\\/bossy-talks\\\/\"]}]},{\"@type\":\"BreadcrumbList\",\"@id\":\"https:\\\/\\\/www.andre-bossert.ch\\\/de\\\/medien\\\/bossy-talks\\\/#breadcrumb\",\"itemListElement\":[{\"@type\":\"ListItem\",\"position\":1,\"name\":\"Home\",\"item\":\"https:\\\/\\\/www.andre-bossert.ch\\\/de\\\/\"},{\"@type\":\"ListItem\",\"position\":2,\"name\":\"Medien\",\"item\":\"https:\\\/\\\/www.andre-bossert.ch\\\/de\\\/medien\\\/\"},{\"@type\":\"ListItem\",\"position\":3,\"name\":\"Bossy Talks\"}]},{\"@type\":\"WebSite\",\"@id\":\"https:\\\/\\\/www.andre-bossert.ch\\\/#website\",\"url\":\"https:\\\/\\\/www.andre-bossert.ch\\\/\",\"name\":\"Andr\u00e9 Bossert - Offizielle Homepage\",\"description\":\"Offizielle Homepage\",\"potentialAction\":[{\"@type\":\"SearchAction\",\"target\":{\"@type\":\"EntryPoint\",\"urlTemplate\":\"https:\\\/\\\/www.andre-bossert.ch\\\/?s={search_term_string}\"},\"query-input\":{\"@type\":\"PropertyValueSpecification\",\"valueRequired\":true,\"valueName\":\"search_term_string\"}}],\"inLanguage\":\"de\"}]}<\/script>\n<!-- \/ Yoast SEO plugin. -->","yoast_head_json":{"title":"Bossy Talks | Andr\u00e9 Bossert - Offizielle Homepage","robots":{"index":"index","follow":"follow","max-snippet":"max-snippet:-1","max-image-preview":"max-image-preview:large","max-video-preview":"max-video-preview:-1"},"canonical":"https:\/\/www.andre-bossert.ch\/de\/medien\/bossy-talks\/","og_locale":"de_DE","og_type":"article","og_title":"Bossy Talks | Andr\u00e9 Bossert - Offizielle Homepage","og_description":"[vc_row row_fullwidth=&#8220;1&#8243;][vc_column][\/vc_column][\/vc_row][vc_row][vc_column width=&#8220;3\/4&#8243; el_class=&#8220;anchura-columna&#8220;][vc_column_text] Im Moment schreibe ich ja keine Kolumnen mehr &#8211; irgendwie scheint dies im Social-Media...","og_url":"https:\/\/www.andre-bossert.ch\/de\/medien\/bossy-talks\/","og_site_name":"Andr\u00e9 Bossert - Offizielle Homepage","article_publisher":"https:\/\/www.facebook.com\/people\/Andre-Bossert\/100008731685561","article_modified_time":"2024-03-14T19:46:15+00:00","twitter_card":"summary_large_image","twitter_site":"@BossyGolf","twitter_misc":{"Gesch\u00e4tzte Lesezeit":"5\u00a0Minuten"},"schema":{"@context":"https:\/\/schema.org","@graph":[{"@type":"WebPage","@id":"https:\/\/www.andre-bossert.ch\/de\/medien\/bossy-talks\/","url":"https:\/\/www.andre-bossert.ch\/de\/medien\/bossy-talks\/","name":"Bossy Talks | Andr\u00e9 Bossert - Offizielle Homepage","isPartOf":{"@id":"https:\/\/www.andre-bossert.ch\/#website"},"datePublished":"2017-07-25T15:23:35+00:00","dateModified":"2024-03-14T19:46:15+00:00","breadcrumb":{"@id":"https:\/\/www.andre-bossert.ch\/de\/medien\/bossy-talks\/#breadcrumb"},"inLanguage":"de","potentialAction":[{"@type":"ReadAction","target":["https:\/\/www.andre-bossert.ch\/de\/medien\/bossy-talks\/"]}]},{"@type":"BreadcrumbList","@id":"https:\/\/www.andre-bossert.ch\/de\/medien\/bossy-talks\/#breadcrumb","itemListElement":[{"@type":"ListItem","position":1,"name":"Home","item":"https:\/\/www.andre-bossert.ch\/de\/"},{"@type":"ListItem","position":2,"name":"Medien","item":"https:\/\/www.andre-bossert.ch\/de\/medien\/"},{"@type":"ListItem","position":3,"name":"Bossy Talks"}]},{"@type":"WebSite","@id":"https:\/\/www.andre-bossert.ch\/#website","url":"https:\/\/www.andre-bossert.ch\/","name":"Andr\u00e9 Bossert - Offizielle Homepage","description":"Offizielle Homepage","potentialAction":[{"@type":"SearchAction","target":{"@type":"EntryPoint","urlTemplate":"https:\/\/www.andre-bossert.ch\/?s={search_term_string}"},"query-input":{"@type":"PropertyValueSpecification","valueRequired":true,"valueName":"search_term_string"}}],"inLanguage":"de"}]}},"_links":{"self":[{"href":"https:\/\/www.andre-bossert.ch\/de\/wp-json\/wp\/v2\/pages\/3747","targetHints":{"allow":["GET"]}}],"collection":[{"href":"https:\/\/www.andre-bossert.ch\/de\/wp-json\/wp\/v2\/pages"}],"about":[{"href":"https:\/\/www.andre-bossert.ch\/de\/wp-json\/wp\/v2\/types\/page"}],"author":[{"embeddable":true,"href":"https:\/\/www.andre-bossert.ch\/de\/wp-json\/wp\/v2\/users\/1"}],"replies":[{"embeddable":true,"href":"https:\/\/www.andre-bossert.ch\/de\/wp-json\/wp\/v2\/comments?post=3747"}],"version-history":[{"count":7,"href":"https:\/\/www.andre-bossert.ch\/de\/wp-json\/wp\/v2\/pages\/3747\/revisions"}],"predecessor-version":[{"id":6013,"href":"https:\/\/www.andre-bossert.ch\/de\/wp-json\/wp\/v2\/pages\/3747\/revisions\/6013"}],"up":[{"embeddable":true,"href":"https:\/\/www.andre-bossert.ch\/de\/wp-json\/wp\/v2\/pages\/3720"}],"wp:attachment":[{"href":"https:\/\/www.andre-bossert.ch\/de\/wp-json\/wp\/v2\/media?parent=3747"}],"curies":[{"name":"wp","href":"https:\/\/api.w.org\/{rel}","templated":true}]}}